{"id":575,"date":"2017-06-18T08:32:29","date_gmt":"2017-06-18T06:32:29","guid":{"rendered":"https:\/\/udruga-106br.hr\/?page_id=575"},"modified":"2025-02-18T15:47:20","modified_gmt":"2025-02-18T14:47:20","slug":"zup","status":"publish","type":"page","link":"https:\/\/udruga-106br.hr\/index.php\/o-nama\/zup\/","title":{"rendered":"&#8220;ZUP ZNG i HV&#8221; i &#8220;KUBIS&#8221;"},"content":{"rendered":"<p style=\"text-align: left;\">Dana 14. studenog 2016., na 4. sjednici predsjedni\u0161tva Udruge 106. br ZNG RH donesena je<\/p>\n<p style=\"text-align: center;\"><strong>ODLUKA<\/strong><\/p>\n<ol>\n<li style=\"text-align: left;\">o pristupanju <strong>Zajednici udruga postrojbi ZNG i HV.<\/strong><br \/>\nOdlu\u010deno je da Udrugu 106. br ZNG RH predstavljaju i zastupaju slijede\u0107i \u010dlanovi:<br \/>\nMilenko Borba\u0161,<br \/>\nStjepan Job,<br \/>\n\u017deljko Ko\u017eul,<br \/>\nDubravko Panci\u0107.<br \/>\nImenovani \u0107e predstavljati i zastupati interese Udruge 106. br ZNG RH i biti birani u tijela ZUP ZNG i HV \u010dime Udruga postaje jedna od osniva\u010da ZUP ZNG i HV.<\/li>\n<li style=\"text-align: left;\">o formiranju <strong>Koordinacije udruga branitelja i stradalnika Domovinskog rata<\/strong> OB\u017d (KUBIS). Odlu\u010deno je da Udrugu u KUBIS-u OB\u017d predstavljaju:<br \/>\nIvan Bekavac,<br \/>\nIvica Omazi\u0107,<br \/>\nIlija Vu\u010demilovi\u0107-Alegi\u0107,<br \/>\nFranjo Wertag.<br \/>\nImenovani \u0107e predstavljati i zastupati interese Udruge 106. br ZNG RH i biti birani u tijela KUBIS-a \u010dime Udruga postaje jedna od osniva\u010da KUBIS-a OB\u017d-a.<\/li>\n<\/ol>\n<p>&nbsp;<\/p>\n<p>&nbsp;<\/p>\n<p>&nbsp;<\/p>\n<!-- AddThis Advanced Settings generic via filter on the_content --><!-- AddThis Share Buttons generic via filter on the_content -->","protected":false},"excerpt":{"rendered":"<p>Dana 14. studenog 2016., na 4. sjednici predsjedni\u0161tva Udruge 106. br ZNG RH donesena je ODLUKA o pristupanju Zajednici udruga postrojbi ZNG i HV. Odlu\u010deno je da Udrugu 106. br ZNG RH predstavljaju i zastupaju slijede\u0107i \u010dlanovi: Milenko Borba\u0161, Stjepan Job, \u017deljko Ko\u017eul, Dubravko Panci\u0107. Imenovani \u0107e predstavljati i zastupati interese Udruge 106. br ZNG &hellip; <a href=\"https:\/\/udruga-106br.hr\/index.php\/o-nama\/zup\/\" class=\"more-link\">Nastavi \u010ditati <span class=\"screen-reader-text\">&#8220;ZUP ZNG i HV&#8221; i &#8220;KUBIS&#8221;<\/span><\/a><!-- AddThis Advanced Settings generic via filter on get_the_excerpt --><!-- AddThis Share Buttons generic via filter on get_the_excerpt --><\/p>\n","protected":false},"author":2,"featured_media":0,"parent":28,"menu_order":2,"comment_status":"closed","ping_status":"closed","template":"","meta":{"footnotes":""},"class_list":["post-575","page","type-page","status-publish","hentry"],"_links":{"self":[{"href":"https:\/\/udruga-106br.hr\/index.php\/wp-json\/wp\/v2\/pages\/575","targetHints":{"allow":["GET"]}}],"collection":[{"href":"https:\/\/udruga-106br.hr\/index.php\/wp-json\/wp\/v2\/pages"}],"about":[{"href":"https:\/\/udruga-106br.hr\/index.php\/wp-json\/wp\/v2\/types\/page"}],"author":[{"embeddable":true,"href":"https:\/\/udruga-106br.hr\/index.php\/wp-json\/wp\/v2\/users\/2"}],"replies":[{"embeddable":true,"href":"https:\/\/udruga-106br.hr\/index.php\/wp-json\/wp\/v2\/comments?post=575"}],"version-history":[{"count":5,"href":"https:\/\/udruga-106br.hr\/index.php\/wp-json\/wp\/v2\/pages\/575\/revisions"}],"predecessor-version":[{"id":584,"href":"https:\/\/udruga-106br.hr\/index.php\/wp-json\/wp\/v2\/pages\/575\/revisions\/584"}],"up":[{"embeddable":true,"href":"https:\/\/udruga-106br.hr\/index.php\/wp-json\/wp\/v2\/pages\/28"}],"wp:attachment":[{"href":"https:\/\/udruga-106br.hr\/index.php\/wp-json\/wp\/v2\/media?parent=575"}],"curies":[{"name":"wp","href":"https:\/\/api.w.org\/{rel}","templated":true}]}}